{"id":13233,"date":"2024-10-20T21:20:28","date_gmt":"2024-10-20T21:20:28","guid":{"rendered":"https:\/\/lightcoral-quail-614152.hostingersite.com\/latam\/?page_id=13233"},"modified":"2024-10-20T21:36:14","modified_gmt":"2024-10-20T21:36:14","slug":"eventbuzz","status":"publish","type":"page","link":"https:\/\/signalisgroup.com\/latam\/eventbuzz\/","title":{"rendered":"EVENTBUZZ"},"content":{"rendered":"<p>[et_pb_section fb_built=\u00bb1&#8243; _builder_version=\u00bb4.27.0&#8243; _module_preset=\u00bbdefault\u00bb top_divider_style=\u00bbwaves\u00bb top_divider_height=\u00bb58px\u00bb hover_enabled=\u00bb0&#8243; locked=\u00bboff\u00bb global_colors_info=\u00bb{}\u00bb top_divider_color=\u00bb#3D393B\u00bb sticky_enabled=\u00bb0&#8243;][et_pb_row _builder_version=\u00bb4.27.2&#8243; _module_preset=\u00bbdefault\u00bb global_colors_info=\u00bb{}\u00bb][et_pb_column type=\u00bb4_4&#8243; _builder_version=\u00bb4.27.2&#8243; _module_preset=\u00bbdefault\u00bb global_colors_info=\u00bb{}\u00bb][et_pb_text _builder_version=\u00bb4.27.0&#8243; _module_preset=\u00bbdefault\u00bb header_font_size=\u00bb50px\u00bb header_line_height=\u00bb1.5em\u00bb global_colors_info=\u00bb{}\u00bb]<\/p>\n<h1 style=\"text-align: center;\"><b>Maximiza tu Presencia en tu Pr\u00f3xima Feria Comercial\u2014Conoce EVENTBUZZ<br \/><\/b><\/h1>\n<p>[\/et_pb_text][\/et_pb_column][\/et_pb_row][et_pb_row column_structure=\u00bb1_2,1_2&#8243; _builder_version=\u00bb4.27.2&#8243; _module_preset=\u00bbdefault\u00bb global_colors_info=\u00bb{}\u00bb][et_pb_column type=\u00bb1_2&#8243; _builder_version=\u00bb4.27.2&#8243; _module_preset=\u00bbdefault\u00bb global_colors_info=\u00bb{}\u00bb][et_pb_text _builder_version=\u00bb4.27.0&#8243; _module_preset=\u00bbdefault\u00bb custom_margin=\u00bb-4px|||||\u00bb global_colors_info=\u00bb{}\u00bb]<\/p>\n<p><span style=\"font-weight: 400;\">Invertir en una feria comercial es m\u00e1s que una decisi\u00f3n de negocios: es una oportunidad estrat\u00e9gica para impulsar el crecimiento y la visibilidad de cualquier empresa B2B. Para asegurar que aproveches al m\u00e1ximo esta oportunidad, es esencial contar con el respaldo adecuado de expertos en la industria.<\/span><\/p>\n<p><span style=\"font-weight: 400;\">Conoce <\/span><b>EventBuzz<\/b><span style=\"font-weight: 400;\">, una herramienta de marketing integral desarrollada por Signalis Group, especialmente para empresas B2B que buscan dejar una impresi\u00f3n duradera y maximizar su impacto en ferias comerciales. Con EventBuzz, tu estrategia est\u00e1 lista para el \u00e9xito.<\/span><\/p>\n<p>[\/et_pb_text][\/et_pb_column][et_pb_column type=\u00bb1_2&#8243; _builder_version=\u00bb4.27.2&#8243; _module_preset=\u00bbdefault\u00bb global_colors_info=\u00bb{}\u00bb][et_pb_image src=\u00bbhttps:\/\/signalisgroup.com\/wp-content\/uploads\/2024\/10\/imagenes-negocios-eventos.jpg\u00bb title_text=\u00bbimagenes negocios eventos\u00bb _builder_version=\u00bb4.27.2&#8243; _module_preset=\u00bbdefault\u00bb border_radii=\u00bbon|20px|20px|20px|20px\u00bb global_colors_info=\u00bb{}\u00bb][\/et_pb_image][\/et_pb_column][\/et_pb_row][et_pb_row _builder_version=\u00bb4.27.2&#8243; _module_preset=\u00bbdefault\u00bb global_colors_info=\u00bb{}\u00bb][et_pb_column type=\u00bb4_4&#8243; _builder_version=\u00bb4.27.2&#8243; _module_preset=\u00bbdefault\u00bb global_colors_info=\u00bb{}\u00bb][et_pb_text _builder_version=\u00bb4.27.0&#8243; _module_preset=\u00bbdefault\u00bb global_colors_info=\u00bb{}\u00bb]<\/p>\n<h2><b>\u00bfPor qu\u00e9 elegir EventBuzz?<\/b><\/h2>\n<p><span style=\"font-weight: 400;\">EventBuzz fue dise\u00f1ado por profesionales de marketing B2B con un solo objetivo: ayudarte a alcanzar el \u00e9xito y maximizar tu ROI en cada evento. Sin importar la industria o la escala de la feria, nuestro equipo ofrece orientaci\u00f3n especializada en cada etapa, garantizando que causes un impacto poderoso y obtengas los resultados que necesitas.<\/span><\/p>\n<h2><b>\u00bfQu\u00e9 ofrecemos?<\/b><\/h2>\n<p><span style=\"font-weight: 400;\">EventBuzz brinda un conjunto completo de servicios dise\u00f1ados para elevar tu experiencia en ferias comerciales. Desde la planificaci\u00f3n previa al evento y campa\u00f1as de marketing dirigidas, hasta estrategias de interacci\u00f3n en el lugar y seguimientos post-evento, nuestras soluciones cubren cada aspecto para tu compa\u00f1ia se destaque y tu logres tus objetivos.<\/span><\/p>\n<p>[\/et_pb_text][\/et_pb_column][\/et_pb_row][et_pb_row column_structure=\u00bb1_4,1_4,1_4,1_4&#8243; _builder_version=\u00bb4.27.2&#8243; _module_preset=\u00bbdefault\u00bb global_colors_info=\u00bb{}\u00bb][et_pb_column type=\u00bb1_4&#8243; _builder_version=\u00bb4.27.2&#8243; _module_preset=\u00bbdefault\u00bb global_colors_info=\u00bb{}\u00bb][et_pb_icon font_icon=\u00bb&#xe007;||divi||400&#8243; icon_width=\u00bb65px\u00bb _builder_version=\u00bb4.27.2&#8243; _module_preset=\u00bbdefault\u00bb global_colors_info=\u00bb{}\u00bb][\/et_pb_icon][et_pb_text _builder_version=\u00bb4.27.0&#8243; _module_preset=\u00bb6029c0dd-28b5-4de2-bc94-bcbf47f197ff\u00bb global_colors_info=\u00bb{}\u00bb]<\/p>\n<h3><b>Campa\u00f1as de marketing previas al evento<\/b><\/h3>\n<p><span style=\"font-weight: 400;\">Generar expectativa antes de una feria es clave para atraer a la audiencia adecuada y aumentar el tr\u00e1fico a tu stand. Nuestras campa\u00f1as personalizadas utilizan correos electr\u00f3nicos dirigidos y adelantos atractivos en redes sociales para que tus mejores prospectos est\u00e9n ansiosos por conocerte durante el evento.<\/span><\/p>\n<p>[\/et_pb_text][\/et_pb_column][et_pb_column type=\u00bb1_4&#8243; _builder_version=\u00bb4.27.2&#8243; _module_preset=\u00bbdefault\u00bb global_colors_info=\u00bb{}\u00bb][et_pb_icon font_icon=\u00bb&#x6c;||divi||400&#8243; icon_width=\u00bb65px\u00bb _builder_version=\u00bb4.27.2&#8243; _module_preset=\u00bbdefault\u00bb global_colors_info=\u00bb{}\u00bb][\/et_pb_icon][et_pb_text _builder_version=\u00bb4.27.0&#8243; _module_preset=\u00bb6029c0dd-28b5-4de2-bc94-bcbf47f197ff\u00bb global_colors_info=\u00bb{}\u00bb]<\/p>\n<h3><b>Creaci\u00f3n de contenido<\/b><\/h3>\n<p><span style=\"font-weight: 400;\">Nuestras estrategias de creaci\u00f3n de contenido est\u00e1n dise\u00f1adas para maximizar el alcance de tu evento y atraer a tu audiencia. Con videos promocionales cautivadores y visuales impactantes, destacamos lo que hace \u00fanica a tu marca, generando curiosidad y asegurando que tu presencia sea inolvidable, incluso antes del evento.<\/span><\/p>\n<p>[\/et_pb_text][\/et_pb_column][et_pb_column type=\u00bb1_4&#8243; _builder_version=\u00bb4.27.2&#8243; _module_preset=\u00bbdefault\u00bb global_colors_info=\u00bb{}\u00bb][et_pb_icon font_icon=\u00bb&#xe08b;||divi||400&#8243; icon_width=\u00bb65px\u00bb _builder_version=\u00bb4.27.2&#8243; _module_preset=\u00bbdefault\u00bb global_colors_info=\u00bb{}\u00bb][\/et_pb_icon][et_pb_text _builder_version=\u00bb4.27.0&#8243; _module_preset=\u00bb6029c0dd-28b5-4de2-bc94-bcbf47f197ff\u00bb global_colors_info=\u00bb{}\u00bb]<\/p>\n<h3><b>Interacci\u00f3n en el evento<\/b><\/h3>\n<p><span style=\"font-weight: 400;\">Aumenta tu visibilidad con cobertura en las plataformas favoritas de tu audiencia, organiza concursos interactivos y eventos de networking que fomenten conexiones significativas. Nuestro objetivo es crear una atm\u00f3sfera din\u00e1mica que incremente la participaci\u00f3n y haga que tu marca sea inolvidable.<\/span><\/p>\n<p>[\/et_pb_text][\/et_pb_column][et_pb_column type=\u00bb1_4&#8243; _builder_version=\u00bb4.27.2&#8243; _module_preset=\u00bbdefault\u00bb global_colors_info=\u00bb{}\u00bb][et_pb_icon font_icon=\u00bb&#xe033;||divi||400&#8243; icon_width=\u00bb65px\u00bb _builder_version=\u00bb4.27.2&#8243; _module_preset=\u00bbdefault\u00bb global_colors_info=\u00bb{}\u00bb][\/et_pb_icon][et_pb_text _builder_version=\u00bb4.27.0&#8243; _module_preset=\u00bb6029c0dd-28b5-4de2-bc94-bcbf47f197ff\u00bb global_colors_info=\u00bb{}\u00bb]<\/p>\n<h3><b>Captaci\u00f3n y gesti\u00f3n de leads<\/b><\/h3>\n<p><span style=\"font-weight: 400;\">Trabajamos contigo para definir tu Perfil de Cliente Ideal (ICP) antes de la feria, usando los criterios espec\u00edficos de tu empresa. Con esta base, nuestra estrategia se enfoca en capturar y calificar leads que se alineen con tu ICP, ayud\u00e1ndote a conectar con los prospectos adecuados y construir relaciones comerciales a largo plazo.<\/span><\/p>\n<p>[\/et_pb_text][\/et_pb_column][\/et_pb_row][et_pb_row column_structure=\u00bb1_3,1_3,1_3&#8243; _builder_version=\u00bb4.27.2&#8243; _module_preset=\u00bbdefault\u00bb global_colors_info=\u00bb{}\u00bb][et_pb_column type=\u00bb1_3&#8243; _builder_version=\u00bb4.27.2&#8243; _module_preset=\u00bbdefault\u00bb global_colors_info=\u00bb{}\u00bb][et_pb_icon font_icon=\u00bb&#x69;||divi||400&#8243; icon_width=\u00bb65px\u00bb _builder_version=\u00bb4.27.2&#8243; _module_preset=\u00bbdefault\u00bb global_colors_info=\u00bb{}\u00bb][\/et_pb_icon][et_pb_text _builder_version=\u00bb4.27.0&#8243; _module_preset=\u00bb6029c0dd-28b5-4de2-bc94-bcbf47f197ff\u00bb global_colors_info=\u00bb{}\u00bb]<\/p>\n<h3><b>Material promocional<\/b><\/h3>\n<p><span style=\"font-weight: 400;\">Para aumentar la visibilidad de tu marca, ofrecemos servicios promocionales que conectan con tu audiencia. Esto incluye productos personalizados como bol\u00edgrafos, libretas, bolsas y m\u00e1s, manteniendo tu marca presente en la mente de los asistentes. Adem\u00e1s, dise\u00f1amos materiales impactantes\u2014como volantes, banners, letreros y tableros de demostraci\u00f3n\u2014para comunicar tu mensaje y decorar tu stand.<\/span><\/p>\n<p>[\/et_pb_text][\/et_pb_column][et_pb_column type=\u00bb1_3&#8243; _builder_version=\u00bb4.27.2&#8243; _module_preset=\u00bbdefault\u00bb global_colors_info=\u00bb{}\u00bb][et_pb_icon font_icon=\u00bb&#xe01d;||divi||400&#8243; icon_width=\u00bb65px\u00bb _builder_version=\u00bb4.27.2&#8243; _module_preset=\u00bbdefault\u00bb global_colors_info=\u00bb{}\u00bb][\/et_pb_icon][et_pb_text _builder_version=\u00bb4.27.0&#8243; _module_preset=\u00bb6029c0dd-28b5-4de2-bc94-bcbf47f197ff\u00bb global_colors_info=\u00bb{}\u00bb]<\/p>\n<h3><b>Visitas guiadas y sesiones de capacitaci\u00f3n<\/b><\/h3>\n<p><span style=\"font-weight: 400;\">Para garantizar que tu audiencia comprenda plenamente lo que ofreces, organizamos visitas guiadas y sesiones de capacitaci\u00f3n. Ya sea un recorrido por tu almac\u00e9n o instalaciones de manufactura, o capacitaciones pr\u00e1cticas sobre uso y mantenimiento de productos, ayudamos a educar a tus clientes sobre los beneficios que aportan tus soluciones.<\/span><\/p>\n<p>[\/et_pb_text][\/et_pb_column][et_pb_column type=\u00bb1_3&#8243; _builder_version=\u00bb4.27.2&#8243; _module_preset=\u00bbdefault\u00bb global_colors_info=\u00bb{}\u00bb][et_pb_icon font_icon=\u00bb&#xe023;||divi||400&#8243; icon_width=\u00bb65px\u00bb _builder_version=\u00bb4.27.2&#8243; _module_preset=\u00bbdefault\u00bb global_colors_info=\u00bb{}\u00bb][\/et_pb_icon][et_pb_text _builder_version=\u00bb4.27.0&#8243; _module_preset=\u00bb6029c0dd-28b5-4de2-bc94-bcbf47f197ff\u00bb global_colors_info=\u00bb{}\u00bb]<\/p>\n<h3><b>Eventos corporativos<\/b><\/h3>\n<p><span style=\"font-weight: 400;\">Fortalece las relaciones existentes y construye nuevas conexiones con tus clientes ideales mediante eventos corporativos bien planificados. Recomendamos organizar almuerzos o cenas exclusivas para interactuar con clientes clave, o ceremonias de premiaci\u00f3n para celebrar los \u00e9xitos de tus socios y clientes. Adem\u00e1s, los eventos m\u00e1s relajados, como happy hours, crean un ambiente distendido, facilitando la interacci\u00f3n y las conexiones.<\/span><\/p>\n<p>[\/et_pb_text][\/et_pb_column][\/et_pb_row][\/et_pb_section][et_pb_section fb_built=\u00bb1&#8243; admin_label=\u00bbHero Section\u00bb _builder_version=\u00bb4.27.0&#8243; background_enable_color=\u00bboff\u00bb background_color_gradient_direction=\u00bb100deg\u00bb background_enable_image=\u00bboff\u00bb background_blend=\u00bbcolor\u00bb custom_padding=\u00bb0.4%||3.5%|||\u00bb top_divider_color=\u00bb#FFFFFF\u00bb locked=\u00bboff\u00bb global_colors_info=\u00bb{}\u00bb][et_pb_row admin_label=\u00bbHero Area\u00bb _builder_version=\u00bb4.16&#8243; background_size=\u00bbinitial\u00bb background_position=\u00bbtop_left\u00bb background_repeat=\u00bbrepeat\u00bb custom_margin=\u00bb|auto|-36px|auto||\u00bb custom_padding=\u00bb3px||4px|||\u00bb global_colors_info=\u00bb{}\u00bb][et_pb_column type=\u00bb4_4&#8243; _builder_version=\u00bb4.16&#8243; custom_padding=\u00bb|||\u00bb global_colors_info=\u00bb{}\u00bb custom_padding__hover=\u00bb|||\u00bb][et_pb_cta title=\u00bbEs tiempo de crecer juntos\u00bb button_url=\u00bb@ET-DC@eyJkeW5hbWljIjp0cnVlLCJjb250ZW50IjoicG9zdF9saW5rX3VybF9wYWdlIiwic2V0dGluZ3MiOnsicG9zdF9pZCI6Ijc0MyJ9fQ==@\u00bb admin_label=\u00bbHero Text\u00bb _builder_version=\u00bb4.27.0&#8243; _dynamic_attributes=\u00bbbutton_url\u00bb header_text_color=\u00bb#3D393B\u00bb background_layout=\u00bbdark\u00bb custom_margin=\u00bb||-8px|||\u00bb custom_padding=\u00bb31px|||||\u00bb locked=\u00bboff\u00bb global_colors_info=\u00bb{}\u00bb button_text_size__hover_enabled=\u00bboff\u00bb button_one_text_size__hover_enabled=\u00bboff\u00bb button_two_text_size__hover_enabled=\u00bboff\u00bb button_text_color__hover_enabled=\u00bboff\u00bb button_one_text_color__hover_enabled=\u00bboff\u00bb button_two_text_color__hover_enabled=\u00bboff\u00bb button_border_width__hover_enabled=\u00bboff\u00bb button_one_border_width__hover_enabled=\u00bboff\u00bb button_two_border_width__hover_enabled=\u00bboff\u00bb button_border_color__hover_enabled=\u00bboff\u00bb button_one_border_color__hover_enabled=\u00bboff\u00bb button_two_border_color__hover_enabled=\u00bboff\u00bb button_border_radius__hover_enabled=\u00bboff\u00bb button_one_border_radius__hover_enabled=\u00bboff\u00bb button_two_border_radius__hover_enabled=\u00bboff\u00bb button_letter_spacing__hover_enabled=\u00bboff\u00bb button_one_letter_spacing__hover_enabled=\u00bboff\u00bb button_two_letter_spacing__hover_enabled=\u00bboff\u00bb button_bg_color__hover_enabled=\u00bboff\u00bb button_one_bg_color__hover_enabled=\u00bboff\u00bb button_two_bg_color__hover_enabled=\u00bboff\u00bb]<\/p>\n<p><span>Somos la soluci\u00f3n de marketing digital pensada para pymes (peque\u00f1as y medianas empresas) de seguridad, audio\/video, aire acondicionado\/refrigeraci\u00f3n y construcci\u00f3n.<\/span><\/p>\n<p>[\/et_pb_cta][et_pb_button button_url=\u00bb@ET-DC@eyJkeW5hbWljIjp0cnVlLCJjb250ZW50IjoicG9zdF9saW5rX3VybF9wYWdlIiwic2V0dGluZ3MiOnsicG9zdF9pZCI6Ijc0MyJ9fQ==@\u00bb button_text=\u00bbCont\u00e1ctanos para m\u00e1s informaci\u00f3n\u00bb _builder_version=\u00bb4.25.0&#8243; _dynamic_attributes=\u00bbbutton_url\u00bb _module_preset=\u00bb0097c6cf-3f09-4941-a754-e61c12c725c6&#8243; custom_padding=\u00bb||5px||false|false\u00bb locked=\u00bboff\u00bb global_colors_info=\u00bb{}\u00bb][\/et_pb_button][\/et_pb_column][\/et_pb_row][\/et_pb_section]<\/p>\n","protected":false},"excerpt":{"rendered":"<p>Maximiza tu Presencia en tu Pr\u00f3xima Feria Comercial\u2014Conoce EVENTBUZZInvertir en una feria comercial es m\u00e1s que una decisi\u00f3n de negocios: es una oportunidad estrat\u00e9gica para impulsar el crecimiento y la visibilidad de cualquier empresa B2B. Para asegurar que aproveches al m\u00e1ximo esta oportunidad, es esencial contar con el respaldo adecuado de expertos en la industria. [&hellip;]<\/p>\n","protected":false},"author":3,"featured_media":0,"parent":0,"menu_order":0,"comment_status":"closed","ping_status":"closed","template":"","meta":{"_et_pb_use_builder":"on","_et_pb_old_content":"","_et_gb_content_width":"","content-type":"","footnotes":""},"class_list":["post-13233","page","type-page","status-publish","hentry"],"yoast_head":"<!-- This site is optimized with the Yoast SEO plugin v27.4 - https:\/\/yoast.com\/product\/yoast-seo-wordpress\/ -->\n<title>EVENTBUZZ - Signalis Group Latam<\/title>\n<meta name=\"robots\" content=\"index, follow, max-snippet:-1, max-image-preview:large, max-video-preview:-1\" \/>\n<link rel=\"canonical\" href=\"https:\/\/signalisgroup.com\/latam\/eventbuzz\/\" \/>\n<meta property=\"og:locale\" content=\"es_ES\" \/>\n<meta property=\"og:type\" content=\"article\" \/>\n<meta property=\"og:title\" content=\"EVENTBUZZ - Signalis Group Latam\" \/>\n<meta property=\"og:description\" content=\"Maximiza tu Presencia en tu Pr\u00f3xima Feria Comercial\u2014Conoce EVENTBUZZInvertir en una feria comercial es m\u00e1s que una decisi\u00f3n de negocios: es una oportunidad estrat\u00e9gica para impulsar el crecimiento y la visibilidad de cualquier empresa B2B. Para asegurar que aproveches al m\u00e1ximo esta oportunidad, es esencial contar con el respaldo adecuado de expertos en la industria. [&hellip;]\" \/>\n<meta property=\"og:url\" content=\"https:\/\/signalisgroup.com\/latam\/eventbuzz\/\" \/>\n<meta property=\"og:site_name\" content=\"Signalis Group Latam\" \/>\n<meta property=\"article:modified_time\" content=\"2024-10-20T21:36:14+00:00\" \/>\n<meta name=\"twitter:card\" content=\"summary_large_image\" \/>\n<script type=\"application\/ld+json\" class=\"yoast-schema-graph\">{\"@context\":\"https:\\\/\\\/schema.org\",\"@graph\":[{\"@type\":\"WebPage\",\"@id\":\"https:\\\/\\\/signalisgroup.com\\\/latam\\\/eventbuzz\\\/\",\"url\":\"https:\\\/\\\/signalisgroup.com\\\/latam\\\/eventbuzz\\\/\",\"name\":\"EVENTBUZZ - Signalis Group Latam\",\"isPartOf\":{\"@id\":\"https:\\\/\\\/signalisgroup.com\\\/latam\\\/#website\"},\"datePublished\":\"2024-10-20T21:20:28+00:00\",\"dateModified\":\"2024-10-20T21:36:14+00:00\",\"breadcrumb\":{\"@id\":\"https:\\\/\\\/signalisgroup.com\\\/latam\\\/eventbuzz\\\/#breadcrumb\"},\"inLanguage\":\"es\",\"potentialAction\":[{\"@type\":\"ReadAction\",\"target\":[\"https:\\\/\\\/signalisgroup.com\\\/latam\\\/eventbuzz\\\/\"]}]},{\"@type\":\"BreadcrumbList\",\"@id\":\"https:\\\/\\\/signalisgroup.com\\\/latam\\\/eventbuzz\\\/#breadcrumb\",\"itemListElement\":[{\"@type\":\"ListItem\",\"position\":1,\"name\":\"Portada\",\"item\":\"https:\\\/\\\/signalisgroup.com\\\/latam\\\/\"},{\"@type\":\"ListItem\",\"position\":2,\"name\":\"EVENTBUZZ\"}]},{\"@type\":\"WebSite\",\"@id\":\"https:\\\/\\\/signalisgroup.com\\\/latam\\\/#website\",\"url\":\"https:\\\/\\\/signalisgroup.com\\\/latam\\\/\",\"name\":\"Signalis Group Latam\",\"description\":\"Inbound Marketing Agency\",\"potentialAction\":[{\"@type\":\"SearchAction\",\"target\":{\"@type\":\"EntryPoint\",\"urlTemplate\":\"https:\\\/\\\/signalisgroup.com\\\/latam\\\/?s={search_term_string}\"},\"query-input\":{\"@type\":\"PropertyValueSpecification\",\"valueRequired\":true,\"valueName\":\"search_term_string\"}}],\"inLanguage\":\"es\"}]}<\/script>\n<!-- \/ Yoast SEO plugin. -->","yoast_head_json":{"title":"EVENTBUZZ - Signalis Group Latam","robots":{"index":"index","follow":"follow","max-snippet":"max-snippet:-1","max-image-preview":"max-image-preview:large","max-video-preview":"max-video-preview:-1"},"canonical":"https:\/\/signalisgroup.com\/latam\/eventbuzz\/","og_locale":"es_ES","og_type":"article","og_title":"EVENTBUZZ - Signalis Group Latam","og_description":"Maximiza tu Presencia en tu Pr\u00f3xima Feria Comercial\u2014Conoce EVENTBUZZInvertir en una feria comercial es m\u00e1s que una decisi\u00f3n de negocios: es una oportunidad estrat\u00e9gica para impulsar el crecimiento y la visibilidad de cualquier empresa B2B. Para asegurar que aproveches al m\u00e1ximo esta oportunidad, es esencial contar con el respaldo adecuado de expertos en la industria. [&hellip;]","og_url":"https:\/\/signalisgroup.com\/latam\/eventbuzz\/","og_site_name":"Signalis Group Latam","article_modified_time":"2024-10-20T21:36:14+00:00","twitter_card":"summary_large_image","schema":{"@context":"https:\/\/schema.org","@graph":[{"@type":"WebPage","@id":"https:\/\/signalisgroup.com\/latam\/eventbuzz\/","url":"https:\/\/signalisgroup.com\/latam\/eventbuzz\/","name":"EVENTBUZZ - Signalis Group Latam","isPartOf":{"@id":"https:\/\/signalisgroup.com\/latam\/#website"},"datePublished":"2024-10-20T21:20:28+00:00","dateModified":"2024-10-20T21:36:14+00:00","breadcrumb":{"@id":"https:\/\/signalisgroup.com\/latam\/eventbuzz\/#breadcrumb"},"inLanguage":"es","potentialAction":[{"@type":"ReadAction","target":["https:\/\/signalisgroup.com\/latam\/eventbuzz\/"]}]},{"@type":"BreadcrumbList","@id":"https:\/\/signalisgroup.com\/latam\/eventbuzz\/#breadcrumb","itemListElement":[{"@type":"ListItem","position":1,"name":"Portada","item":"https:\/\/signalisgroup.com\/latam\/"},{"@type":"ListItem","position":2,"name":"EVENTBUZZ"}]},{"@type":"WebSite","@id":"https:\/\/signalisgroup.com\/latam\/#website","url":"https:\/\/signalisgroup.com\/latam\/","name":"Signalis Group Latam","description":"Inbound Marketing Agency","potentialAction":[{"@type":"SearchAction","target":{"@type":"EntryPoint","urlTemplate":"https:\/\/signalisgroup.com\/latam\/?s={search_term_string}"},"query-input":{"@type":"PropertyValueSpecification","valueRequired":true,"valueName":"search_term_string"}}],"inLanguage":"es"}]}},"_hostinger_reach_plugin_has_subscription_block":false,"_hostinger_reach_plugin_is_elementor":false,"_links":{"self":[{"href":"https:\/\/signalisgroup.com\/latam\/wp-json\/wp\/v2\/pages\/13233","targetHints":{"allow":["GET"]}}],"collection":[{"href":"https:\/\/signalisgroup.com\/latam\/wp-json\/wp\/v2\/pages"}],"about":[{"href":"https:\/\/signalisgroup.com\/latam\/wp-json\/wp\/v2\/types\/page"}],"author":[{"embeddable":true,"href":"https:\/\/signalisgroup.com\/latam\/wp-json\/wp\/v2\/users\/3"}],"replies":[{"embeddable":true,"href":"https:\/\/signalisgroup.com\/latam\/wp-json\/wp\/v2\/comments?post=13233"}],"version-history":[{"count":5,"href":"https:\/\/signalisgroup.com\/latam\/wp-json\/wp\/v2\/pages\/13233\/revisions"}],"predecessor-version":[{"id":13265,"href":"https:\/\/signalisgroup.com\/latam\/wp-json\/wp\/v2\/pages\/13233\/revisions\/13265"}],"wp:attachment":[{"href":"https:\/\/signalisgroup.com\/latam\/wp-json\/wp\/v2\/media?parent=13233"}],"curies":[{"name":"wp","href":"https:\/\/api.w.org\/{rel}","templated":true}]}}