{"id":806,"date":"2021-04-25T23:13:45","date_gmt":"2021-04-25T23:13:45","guid":{"rendered":"https:\/\/lightcoral-quail-614152.hostingersite.com\/latam\/?page_id=806"},"modified":"2024-10-20T21:19:34","modified_gmt":"2024-10-20T21:19:34","slug":"nosotros","status":"publish","type":"page","link":"https:\/\/signalisgroup.com\/latam\/nosotros\/","title":{"rendered":"Nosotros"},"content":{"rendered":"<p>[et_pb_section fb_built=\u00bb1&#8243; fullwidth=\u00bbon\u00bb next_background_color=\u00bb#ffffff\u00bb admin_label=\u00bbPage Header\u00bb _builder_version=\u00bb4.24.2&#8243; background_image=\u00bbhttps:\/\/lightcoral-quail-614152.hostingersite.com\/latam\/wp-content\/uploads\/2021\/03\/business-07.jpg\u00bb parallax=\u00bbon\u00bb bottom_divider_style=\u00bbgraph4&#8243; global_colors_info=\u00bb{}\u00bb][et_pb_fullwidth_header title=\u00bbAcerca de nosotros\u00bb admin_label=\u00bbHero Section\u00bb _builder_version=\u00bb4.24.2&#8243; title_font=\u00bb|700|||||||\u00bb content_font=\u00bb||||||||\u00bb background_color_gradient_stops=\u00bb#9dcca6 1%|rgba(157,204,166,0.71) 97%\u00bb custom_padding=\u00bb||87px|||\u00bb button_one_text_color_hover=\u00bb#6eba01&#8243; button_two_text_color_hover=\u00bb#6eba01&#8243; button_one_border_color_hover=\u00bb#ffffff\u00bb button_two_border_color_hover=\u00bb#ffffff\u00bb button_one_border_radius_hover=\u00bb0&#8243; button_two_border_radius_hover=\u00bb0&#8243; button_one_letter_spacing_hover=\u00bb2&#8243; button_two_letter_spacing_hover=\u00bb2&#8243; button_one_bg_color_hover=\u00bb#ffffff\u00bb button_two_bg_color_hover=\u00bb#ffffff\u00bb global_colors_info=\u00bb{}\u00bb button_one_text_size__hover_enabled=\u00bboff\u00bb button_two_text_size__hover_enabled=\u00bboff\u00bb button_one_border_width__hover_enabled=\u00bboff\u00bb button_two_border_width__hover_enabled=\u00bboff\u00bb]<\/p>\n<p><span style=\"font-weight: 400;\">Signalis Group Latam <span>es una agencia internacional de relaciones p\u00fablicas y marketing B2B, fundada para ayudar a tu negocio a comunicarse de manera efectiva.<\/span><\/span><\/p>\n<p>[\/et_pb_fullwidth_header][\/et_pb_section][et_pb_section fb_built=\u00bb1&#8243; admin_label=\u00bbServices\u00bb _builder_version=\u00bb4.16&#8243; custom_padding=\u00bb50px||1px||false|false\u00bb locked=\u00bboff\u00bb global_colors_info=\u00bb{}\u00bb][et_pb_row _builder_version=\u00bb4.16&#8243; background_size=\u00bbinitial\u00bb background_position=\u00bbtop_left\u00bb background_repeat=\u00bbrepeat\u00bb custom_width_px=\u00bb710px\u00bb global_colors_info=\u00bb{}\u00bb][et_pb_column type=\u00bb4_4&#8243; _builder_version=\u00bb4.16&#8243; background_position=\u00bbtop_left\u00bb custom_padding=\u00bb|||\u00bb global_colors_info=\u00bb{}\u00bb custom_padding__hover=\u00bb|||\u00bb][et_pb_text admin_label=\u00bbServices Section Subtitle\u00bb _builder_version=\u00bb4.24.2&#8243; header_2_font_size=\u00bb30px\u00bb custom_margin=\u00bb20px|||0px|false|false\u00bb global_colors_info=\u00bb{}\u00bb]<\/p>\n<p>Signalis Group Latam es una agencia de marketing digital pensada para pymes (peque\u00f1as y medianas empresas) de seguridad, audio\/video, aire acondicionado\/refrigeraci\u00f3n y construcci\u00f3n.<\/p>\n<p>Surge de la necesidad recurrente de las pymes latinoamericanas por posicionarse, operar estrat\u00e9gicamente y crecer de manera sostenida en el largo plazo. A trav\u00e9s de una cartera de servicios variados, y de acuerdo con las exigencias actuales del mercado, buscamos ofrecerle a nuestros clientes un servicio excepcional y de mucho valor agregado, para acompa\u00f1arlos en el camino hacia el \u00e9xito.<\/p>\n<p>Dentro de nuestro equipo, contamos con experimentados especialistas en marketing digital. Signalis Group Latam opera adem\u00e1s con la promesa de capacitaci\u00f3n constante, para que cada cliente reciba resultados impecables y una experiencia \u00fanica e inigualable.<\/p>\n<p>[\/et_pb_text][\/et_pb_column][\/et_pb_row][\/et_pb_section][et_pb_section fb_built=\u00bb1&#8243; admin_label=\u00bbOur Team\u00bb _builder_version=\u00bb4.16&#8243; custom_padding=\u00bb0%||2%||false|false\u00bb global_colors_info=\u00bb{}\u00bb][et_pb_row _builder_version=\u00bb4.16&#8243; background_size=\u00bbinitial\u00bb background_position=\u00bbtop_left\u00bb background_repeat=\u00bbrepeat\u00bb custom_width_px=\u00bb710px\u00bb locked=\u00bboff\u00bb global_colors_info=\u00bb{}\u00bb][et_pb_column type=\u00bb4_4&#8243; _builder_version=\u00bb4.16&#8243; background_position=\u00bbtop_left\u00bb custom_padding=\u00bb|||\u00bb global_colors_info=\u00bb{}\u00bb custom_padding__hover=\u00bb|||\u00bb][et_pb_divider divider_weight=\u00bb4px\u00bb disabled_on=\u00bboff|off|off\u00bb _builder_version=\u00bb4.9.4&#8243; background_color_gradient_direction=\u00bb90deg\u00bb max_width=\u00bb100px\u00bb module_alignment=\u00bbcenter\u00bb height=\u00bb6px\u00bb custom_margin=\u00bb||20px|\u00bb custom_padding=\u00bb||20px|\u00bb animation_style=\u00bbslide\u00bb animation_direction=\u00bbbottom\u00bb global_module=\u00bb1092&#8243; saved_tabs=\u00bball\u00bb locked=\u00bboff\u00bb global_colors_info=\u00bb{}\u00bb][\/et_pb_divider][et_pb_text admin_label=\u00bbTeam Section Title\u00bb _builder_version=\u00bb4.24.2&#8243; global_colors_info=\u00bb{}\u00bb]<\/p>\n<h2 style=\"text-align: center;\"><b>Equipo Signalis Group Latam<\/b><\/h2>\n<p>[\/et_pb_text][\/et_pb_column][\/et_pb_row][et_pb_row column_structure=\u00bb1_3,1_3,1_3&#8243; use_custom_gutter=\u00bbon\u00bb gutter_width=\u00bb2&#8243; _builder_version=\u00bb4.16&#8243; background_size=\u00bbinitial\u00bb background_position=\u00bbtop_left\u00bb background_repeat=\u00bbrepeat\u00bb custom_padding=\u00bb16px|0px|27px|0px||\u00bb global_colors_info=\u00bb{}\u00bb][et_pb_column type=\u00bb1_3&#8243; _builder_version=\u00bb4.16&#8243; custom_padding=\u00bb|||\u00bb global_colors_info=\u00bb{}\u00bb custom_padding__hover=\u00bb|||\u00bb][et_pb_team_member name=\u00bbLuisa Moreno\u00bb image_url=\u00bbhttps:\/\/lightcoral-quail-614152.hostingersite.com\/latam\/wp-content\/uploads\/2024\/09\/signalisteam-luisa.jpeg\u00bb linkedin_url=\u00bbhttps:\/\/www.linkedin.com\/in\/luisa-moreno-9a633233\/\u00bb admin_label=\u00bbMember 01&#8243; _builder_version=\u00bb4.27.0&#8243; header_font=\u00bb||||||||\u00bb header_text_color=\u00bb#1f1f1f\u00bb header_font_size=\u00bb22px\u00bb header_line_height=\u00bb2em\u00bb body_text_align=\u00bbcenter\u00bb body_text_color=\u00bb#666666&#8243; body_font_size=\u00bb16px\u00bb body_line_height=\u00bb1.5em\u00bb background_size=\u00bbinitial\u00bb background_position=\u00bbtop_left\u00bb background_repeat=\u00bbrepeat\u00bb text_orientation=\u00bbcenter\u00bb custom_padding=\u00bb|||\u00bb animation_style=\u00bbfold\u00bb animation_direction=\u00bbbottom\u00bb animation_intensity_fold=\u00bb20%\u00bb box_shadow_style_image=\u00bbpreset4&#8243; global_colors_info=\u00bb{}\u00bb]<\/p>\n<p><strong>Directora de Operaciones<\/strong><\/p>\n<p><em>Amante del verano, playa, sol, familia y amigos.<\/em><\/p>\n<p>Luisa est\u00e1 a cargo de supervisar los procedimientos operativos en toda la empresa. Sus responsabilidades incluyen revisar la comunicaci\u00f3n general, la creatividad y la productividad, trabajando con los departamentos legal, contable y de marketing para identificar \u00e1reas para mejorar las operaciones generales de la empresa.<\/p>\n<p>[\/et_pb_team_member][\/et_pb_column][et_pb_column type=\u00bb1_3&#8243; _builder_version=\u00bb4.16&#8243; custom_padding=\u00bb|||\u00bb global_colors_info=\u00bb{}\u00bb custom_padding__hover=\u00bb|||\u00bb][et_pb_team_member name=\u00bbClaudia Lineros\u00bb image_url=\u00bbhttps:\/\/lightcoral-quail-614152.hostingersite.com\/latam\/wp-content\/uploads\/2024\/09\/signalisteam-claudia.jpeg\u00bb linkedin_url=\u00bbhttps:\/\/www.linkedin.com\/in\/claudia-paola-lineros-candamil-7525b546\/\u00bb admin_label=\u00bbMember 01&#8243; _builder_version=\u00bb4.27.0&#8243; header_font=\u00bb||||||||\u00bb header_text_color=\u00bb#1f1f1f\u00bb header_font_size=\u00bb22px\u00bb header_line_height=\u00bb2em\u00bb body_text_align=\u00bbcenter\u00bb body_text_color=\u00bb#666666&#8243; body_font_size=\u00bb16px\u00bb body_line_height=\u00bb1.5em\u00bb background_size=\u00bbinitial\u00bb background_position=\u00bbtop_left\u00bb background_repeat=\u00bbrepeat\u00bb text_orientation=\u00bbcenter\u00bb custom_padding=\u00bb|||\u00bb animation_style=\u00bbfold\u00bb animation_direction=\u00bbbottom\u00bb animation_intensity_fold=\u00bb20%\u00bb box_shadow_style_image=\u00bbpreset4&#8243; global_colors_info=\u00bb{}\u00bb]<\/p>\n<p><strong>Directora de Relaciones P\u00fablicas y Servicios de Traducci\u00f3n<\/strong><\/p>\n<p><em>\u00a1Amante de los viajes!<\/em><\/p>\n<p>Claudia hace que todo funcione sin problemas. Antes de unirse a la agencia, Claudia trabaj\u00f3 como editora para una revista de log\u00edstica internacional. Claudia es graduada en Comunicaci\u00f3n Social de la Universidad Pontificia Bolivariana (UPB) en Colombia. Claudia habla espa\u00f1ol e ingl\u00e9s con fluidez y comparte su vida con su esposo, Javier, y su hija, Mickaela.<\/p>\n<p>[\/et_pb_team_member][\/et_pb_column][et_pb_column type=\u00bb1_3&#8243; _builder_version=\u00bb4.16&#8243; custom_padding=\u00bb|||\u00bb global_colors_info=\u00bb{}\u00bb custom_padding__hover=\u00bb|||\u00bb][et_pb_team_member name=\u00bbVictor Galvis\u00bb image_url=\u00bbhttps:\/\/lightcoral-quail-614152.hostingersite.com\/latam\/wp-content\/uploads\/2024\/09\/signalisteam-victor.jpeg\u00bb linkedin_url=\u00bbhttps:\/\/www.linkedin.com\/in\/v%C3%ADctor-alejandro-galvis-gonz%C3%A1lez-40774774\/\u00bb admin_label=\u00bbMember 01&#8243; _builder_version=\u00bb4.27.0&#8243; header_font=\u00bb||||||||\u00bb header_text_color=\u00bb#1f1f1f\u00bb header_font_size=\u00bb22px\u00bb header_line_height=\u00bb2em\u00bb body_text_align=\u00bbcenter\u00bb body_text_color=\u00bb#666666&#8243; body_font_size=\u00bb16px\u00bb body_line_height=\u00bb1.5em\u00bb background_size=\u00bbinitial\u00bb background_position=\u00bbtop_left\u00bb background_repeat=\u00bbrepeat\u00bb text_orientation=\u00bbcenter\u00bb custom_padding=\u00bb|||\u00bb animation_style=\u00bbfold\u00bb animation_direction=\u00bbbottom\u00bb animation_intensity_fold=\u00bb20%\u00bb box_shadow_style_image=\u00bbpreset4&#8243; global_colors_info=\u00bb{}\u00bb]<\/p>\n<p><strong>Director de Relaciones P\u00fablicas<\/strong><\/p>\n<p><em>Jugador de f\u00fatbol \u2013 Siempre curioso<\/em><\/p>\n<p>Victor trabaja como Public Relations Director al prestar servicios y ejecutar algunos de los procesos m\u00e1s estrat\u00e9gicos de la agencia. Su experiencia profesional incluye haber trabajado en periodismo para mercados B2B. V\u00edctor tambi\u00e9n se gradu\u00f3 en Comunicaci\u00f3n Social de la Universidad de Antioquia en Colombia. Habla ingl\u00e9s, espa\u00f1ol y portugu\u00e9s con fluidez.<\/p>\n<p>[\/et_pb_team_member][\/et_pb_column][\/et_pb_row][et_pb_row column_structure=\u00bb1_3,1_3,1_3&#8243; use_custom_gutter=\u00bbon\u00bb gutter_width=\u00bb2&#8243; _builder_version=\u00bb4.16&#8243; background_size=\u00bbinitial\u00bb background_position=\u00bbtop_left\u00bb background_repeat=\u00bbrepeat\u00bb custom_padding=\u00bb16px|0px|27px|0px||\u00bb global_colors_info=\u00bb{}\u00bb][et_pb_column type=\u00bb1_3&#8243; _builder_version=\u00bb4.16&#8243; custom_padding=\u00bb|||\u00bb global_colors_info=\u00bb{}\u00bb custom_padding__hover=\u00bb|||\u00bb][et_pb_team_member name=\u00bbJuliana Sanchez\u00bb image_url=\u00bbhttps:\/\/lightcoral-quail-614152.hostingersite.com\/latam\/wp-content\/uploads\/2024\/09\/signalisteam-juliana.jpeg\u00bb admin_label=\u00bbMember 01&#8243; _builder_version=\u00bb4.27.0&#8243; header_font=\u00bb||||||||\u00bb header_text_color=\u00bb#1f1f1f\u00bb header_font_size=\u00bb22px\u00bb header_line_height=\u00bb2em\u00bb body_text_align=\u00bbcenter\u00bb body_text_color=\u00bb#666666&#8243; body_font_size=\u00bb16px\u00bb body_line_height=\u00bb1.5em\u00bb background_size=\u00bbinitial\u00bb background_position=\u00bbtop_left\u00bb background_repeat=\u00bbrepeat\u00bb text_orientation=\u00bbcenter\u00bb custom_padding=\u00bb|||\u00bb animation_style=\u00bbfold\u00bb animation_direction=\u00bbbottom\u00bb animation_intensity_fold=\u00bb20%\u00bb box_shadow_style_image=\u00bbpreset4&#8243; global_colors_info=\u00bb{}\u00bb]<\/p>\n<p><strong>Coordinadora de Marketing en Redes Sociales<\/strong><\/p>\n<p><em>Apasionada por los entornos digitales<\/em><\/p>\n<p>Juliana es la encargada de transmitir a trav\u00e9s de los contenidos en redes sociales, la esencia de los clientes de Pymes Go Digital y tambi\u00e9n de garantizar la publicaci\u00f3n de los mismos en los medios de comunicaci\u00f3n.<\/p>\n<p>[\/et_pb_team_member][\/et_pb_column][et_pb_column type=\u00bb1_3&#8243; _builder_version=\u00bb4.16&#8243; custom_padding=\u00bb|||\u00bb global_colors_info=\u00bb{}\u00bb custom_padding__hover=\u00bb|||\u00bb][et_pb_team_member name=\u00bbMauricio Berr\u00edo\u00bb image_url=\u00bbhttps:\/\/lightcoral-quail-614152.hostingersite.com\/latam\/wp-content\/uploads\/2024\/09\/signalisteam-mauro.jpeg\u00bb admin_label=\u00bbMember 01&#8243; _builder_version=\u00bb4.27.0&#8243; header_font=\u00bb||||||||\u00bb header_text_color=\u00bb#1f1f1f\u00bb header_font_size=\u00bb22px\u00bb header_line_height=\u00bb2em\u00bb body_text_align=\u00bbcenter\u00bb body_text_color=\u00bb#666666&#8243; body_font_size=\u00bb16px\u00bb body_line_height=\u00bb1.5em\u00bb background_size=\u00bbinitial\u00bb background_position=\u00bbtop_left\u00bb background_repeat=\u00bbrepeat\u00bb text_orientation=\u00bbcenter\u00bb custom_padding=\u00bb|||\u00bb animation_style=\u00bbfold\u00bb animation_direction=\u00bbbottom\u00bb animation_intensity_fold=\u00bb20%\u00bb box_shadow_style_image=\u00bbpreset4&#8243; global_colors_info=\u00bb{}\u00bb]<\/p>\n<p><strong>Periodista<\/strong><\/p>\n<p><em>M\u00fasica, libros y un buen caf\u00e9, \u00a1el complemento perfecto!<\/em><\/p>\n<p>El rol de Mauricio es contribuir a mantener los altos est\u00e1ndares de calidad de la agencia mediante la escritura y edici\u00f3n de textos, de acuerdo con las necesidades particulares de cada cliente. Antes de ser parte del equipo, se desempe\u00f1\u00f3 como editor digital en varios portales noticiosos con sede en Colombia, y como colaborador en otro pu\u00f1ado de medios internacionales. Mauricio es periodista egresado de la Universidad de Antioquia en Medell\u00edn.<\/p>\n<p>[\/et_pb_team_member][\/et_pb_column][et_pb_column type=\u00bb1_3&#8243; _builder_version=\u00bb4.16&#8243; custom_padding=\u00bb|||\u00bb global_colors_info=\u00bb{}\u00bb custom_padding__hover=\u00bb|||\u00bb][\/et_pb_column][\/et_pb_row][\/et_pb_section][et_pb_section fb_built=\u00bb1&#8243; admin_label=\u00bbHero Section\u00bb _builder_version=\u00bb4.27.0&#8243; background_color_gradient_direction=\u00bb100deg\u00bb background_enable_image=\u00bboff\u00bb background_blend=\u00bbcolor\u00bb custom_padding=\u00bb0.4%||1.3%|||\u00bb top_divider_color=\u00bb#FFFFFF\u00bb hover_enabled=\u00bb0&#8243; locked=\u00bboff\u00bb global_colors_info=\u00bb{}\u00bb background_enable_color=\u00bboff\u00bb sticky_enabled=\u00bb0&#8243;][et_pb_row admin_label=\u00bbHero Area\u00bb _builder_version=\u00bb4.16&#8243; background_size=\u00bbinitial\u00bb background_position=\u00bbtop_left\u00bb background_repeat=\u00bbrepeat\u00bb custom_margin=\u00bb|auto|-36px|auto||\u00bb custom_padding=\u00bb3px||4px|||\u00bb global_colors_info=\u00bb{}\u00bb][et_pb_column type=\u00bb4_4&#8243; _builder_version=\u00bb4.16&#8243; custom_padding=\u00bb|||\u00bb global_colors_info=\u00bb{}\u00bb custom_padding__hover=\u00bb|||\u00bb][et_pb_cta title=\u00bbEs tiempo de crecer juntos\u00bb button_url=\u00bb@ET-DC@eyJkeW5hbWljIjp0cnVlLCJjb250ZW50IjoicG9zdF9saW5rX3VybF9wYWdlIiwic2V0dGluZ3MiOnsicG9zdF9pZCI6Ijc0MyJ9fQ==@\u00bb admin_label=\u00bbHero Text\u00bb _builder_version=\u00bb4.27.0&#8243; _dynamic_attributes=\u00bbbutton_url\u00bb header_text_color=\u00bb#3D393B\u00bb custom_padding=\u00bb31px|||||\u00bb hover_enabled=\u00bb0&#8243; locked=\u00bboff\u00bb global_colors_info=\u00bb{}\u00bb button_text_size__hover_enabled=\u00bboff\u00bb button_one_text_size__hover_enabled=\u00bboff\u00bb button_two_text_size__hover_enabled=\u00bboff\u00bb button_text_color__hover_enabled=\u00bboff\u00bb button_one_text_color__hover_enabled=\u00bboff\u00bb button_two_text_color__hover_enabled=\u00bboff\u00bb button_border_width__hover_enabled=\u00bboff\u00bb button_one_border_width__hover_enabled=\u00bboff\u00bb button_two_border_width__hover_enabled=\u00bboff\u00bb button_border_color__hover_enabled=\u00bboff\u00bb button_one_border_color__hover_enabled=\u00bboff\u00bb button_two_border_color__hover_enabled=\u00bboff\u00bb button_border_radius__hover_enabled=\u00bboff\u00bb button_one_border_radius__hover_enabled=\u00bboff\u00bb button_two_border_radius__hover_enabled=\u00bboff\u00bb button_letter_spacing__hover_enabled=\u00bboff\u00bb button_one_letter_spacing__hover_enabled=\u00bboff\u00bb button_two_letter_spacing__hover_enabled=\u00bboff\u00bb button_bg_color__hover_enabled=\u00bboff\u00bb button_one_bg_color__hover_enabled=\u00bboff\u00bb button_two_bg_color__hover_enabled=\u00bboff\u00bb background_layout=\u00bbdark\u00bb sticky_enabled=\u00bb0&#8243;]<\/p>\n<p><span>Somos la soluci\u00f3n de marketing digital pensada para pymes (peque\u00f1as y medianas empresas) de seguridad, audio\/video, aire acondicionado\/refrigeraci\u00f3n y construcci\u00f3n.<\/span><\/p>\n<p>[\/et_pb_cta][\/et_pb_column][\/et_pb_row][\/et_pb_section][et_pb_section fb_built=\u00bb1&#8243; _builder_version=\u00bb4.27.0&#8243; _module_preset=\u00bbdefault\u00bb background_color=\u00bbRGBA(255,255,255,0)\u00bb custom_padding=\u00bb0%||0.3%||false|false\u00bb hover_enabled=\u00bb0&#8243; global_module=\u00bb2763&#8243; saved_tabs=\u00bball\u00bb locked=\u00bboff\u00bb global_colors_info=\u00bb{}\u00bb sticky_enabled=\u00bb0&#8243;][et_pb_row _builder_version=\u00bb4.21.0&#8243; _module_preset=\u00bbdefault\u00bb custom_padding=\u00bb4px|||||\u00bb global_colors_info=\u00bb{}\u00bb][et_pb_column type=\u00bb4_4&#8243; _builder_version=\u00bb4.21.0&#8243; _module_preset=\u00bbdefault\u00bb global_colors_info=\u00bb{}\u00bb][et_pb_button button_url=\u00bb@ET-DC@eyJkeW5hbWljIjp0cnVlLCJjb250ZW50IjoicG9zdF9saW5rX3VybF9wYWdlIiwic2V0dGluZ3MiOnsicG9zdF9pZCI6Ijc0MyJ9fQ==@\u00bb button_text=\u00bbCont\u00e1ctanos para m\u00e1s informaci\u00f3n\u00bb _builder_version=\u00bb4.25.0&#8243; _dynamic_attributes=\u00bbbutton_url\u00bb _module_preset=\u00bb0097c6cf-3f09-4941-a754-e61c12c725c6&#8243; global_colors_info=\u00bb{}\u00bb][\/et_pb_button][\/et_pb_column][\/et_pb_row][\/et_pb_section]<\/p>\n","protected":false},"excerpt":{"rendered":"<p>Signalis Group Latam es una agencia internacional de relaciones p\u00fablicas y marketing B2B, fundada para ayudar a tu negocio a comunicarse de manera efectiva.Signalis Group Latam es una agencia de marketing digital pensada para pymes (peque\u00f1as y medianas empresas) de seguridad, audio\/video, aire acondicionado\/refrigeraci\u00f3n y construcci\u00f3n. Surge de la necesidad recurrente de las pymes latinoamericanas [&hellip;]<\/p>\n","protected":false},"author":3,"featured_media":0,"parent":0,"menu_order":0,"comment_status":"closed","ping_status":"closed","template":"","meta":{"_et_pb_use_builder":"on","_et_pb_old_content":"","_et_gb_content_width":"","content-type":"","footnotes":""},"class_list":["post-806","page","type-page","status-publish","hentry"],"yoast_head":"<!-- This site is optimized with the Yoast SEO plugin v27.4 - https:\/\/yoast.com\/product\/yoast-seo-wordpress\/ -->\n<title>Nosotros - Signalis Group Latam<\/title>\n<meta name=\"robots\" content=\"index, follow, max-snippet:-1, max-image-preview:large, max-video-preview:-1\" \/>\n<link rel=\"canonical\" href=\"https:\/\/signalisgroup.com\/latam\/nosotros\/\" \/>\n<meta property=\"og:locale\" content=\"es_ES\" \/>\n<meta property=\"og:type\" content=\"article\" \/>\n<meta property=\"og:title\" content=\"Nosotros - Signalis Group Latam\" \/>\n<meta property=\"og:description\" content=\"Signalis Group Latam es una agencia internacional de relaciones p\u00fablicas y marketing B2B, fundada para ayudar a tu negocio a comunicarse de manera efectiva.Signalis Group Latam es una agencia de marketing digital pensada para pymes (peque\u00f1as y medianas empresas) de seguridad, audio\/video, aire acondicionado\/refrigeraci\u00f3n y construcci\u00f3n. Surge de la necesidad recurrente de las pymes latinoamericanas [&hellip;]\" \/>\n<meta property=\"og:url\" content=\"https:\/\/signalisgroup.com\/latam\/nosotros\/\" \/>\n<meta property=\"og:site_name\" content=\"Signalis Group Latam\" \/>\n<meta property=\"article:modified_time\" content=\"2024-10-20T21:19:34+00:00\" \/>\n<meta name=\"twitter:card\" content=\"summary_large_image\" \/>\n<meta name=\"twitter:label1\" content=\"Tiempo de lectura\" \/>\n\t<meta name=\"twitter:data1\" content=\"8 minutos\" \/>\n<script type=\"application\/ld+json\" class=\"yoast-schema-graph\">{\"@context\":\"https:\\\/\\\/schema.org\",\"@graph\":[{\"@type\":\"WebPage\",\"@id\":\"https:\\\/\\\/signalisgroup.com\\\/latam\\\/nosotros\\\/\",\"url\":\"https:\\\/\\\/signalisgroup.com\\\/latam\\\/nosotros\\\/\",\"name\":\"Nosotros - Signalis Group Latam\",\"isPartOf\":{\"@id\":\"https:\\\/\\\/signalisgroup.com\\\/latam\\\/#website\"},\"datePublished\":\"2021-04-25T23:13:45+00:00\",\"dateModified\":\"2024-10-20T21:19:34+00:00\",\"breadcrumb\":{\"@id\":\"https:\\\/\\\/signalisgroup.com\\\/latam\\\/nosotros\\\/#breadcrumb\"},\"inLanguage\":\"es\",\"potentialAction\":[{\"@type\":\"ReadAction\",\"target\":[\"https:\\\/\\\/signalisgroup.com\\\/latam\\\/nosotros\\\/\"]}]},{\"@type\":\"BreadcrumbList\",\"@id\":\"https:\\\/\\\/signalisgroup.com\\\/latam\\\/nosotros\\\/#breadcrumb\",\"itemListElement\":[{\"@type\":\"ListItem\",\"position\":1,\"name\":\"Portada\",\"item\":\"https:\\\/\\\/signalisgroup.com\\\/latam\\\/\"},{\"@type\":\"ListItem\",\"position\":2,\"name\":\"Nosotros\"}]},{\"@type\":\"WebSite\",\"@id\":\"https:\\\/\\\/signalisgroup.com\\\/latam\\\/#website\",\"url\":\"https:\\\/\\\/signalisgroup.com\\\/latam\\\/\",\"name\":\"Signalis Group Latam\",\"description\":\"Inbound Marketing Agency\",\"potentialAction\":[{\"@type\":\"SearchAction\",\"target\":{\"@type\":\"EntryPoint\",\"urlTemplate\":\"https:\\\/\\\/signalisgroup.com\\\/latam\\\/?s={search_term_string}\"},\"query-input\":{\"@type\":\"PropertyValueSpecification\",\"valueRequired\":true,\"valueName\":\"search_term_string\"}}],\"inLanguage\":\"es\"}]}<\/script>\n<!-- \/ Yoast SEO plugin. -->","yoast_head_json":{"title":"Nosotros - Signalis Group Latam","robots":{"index":"index","follow":"follow","max-snippet":"max-snippet:-1","max-image-preview":"max-image-preview:large","max-video-preview":"max-video-preview:-1"},"canonical":"https:\/\/signalisgroup.com\/latam\/nosotros\/","og_locale":"es_ES","og_type":"article","og_title":"Nosotros - Signalis Group Latam","og_description":"Signalis Group Latam es una agencia internacional de relaciones p\u00fablicas y marketing B2B, fundada para ayudar a tu negocio a comunicarse de manera efectiva.Signalis Group Latam es una agencia de marketing digital pensada para pymes (peque\u00f1as y medianas empresas) de seguridad, audio\/video, aire acondicionado\/refrigeraci\u00f3n y construcci\u00f3n. Surge de la necesidad recurrente de las pymes latinoamericanas [&hellip;]","og_url":"https:\/\/signalisgroup.com\/latam\/nosotros\/","og_site_name":"Signalis Group Latam","article_modified_time":"2024-10-20T21:19:34+00:00","twitter_card":"summary_large_image","twitter_misc":{"Tiempo de lectura":"8 minutos"},"schema":{"@context":"https:\/\/schema.org","@graph":[{"@type":"WebPage","@id":"https:\/\/signalisgroup.com\/latam\/nosotros\/","url":"https:\/\/signalisgroup.com\/latam\/nosotros\/","name":"Nosotros - Signalis Group Latam","isPartOf":{"@id":"https:\/\/signalisgroup.com\/latam\/#website"},"datePublished":"2021-04-25T23:13:45+00:00","dateModified":"2024-10-20T21:19:34+00:00","breadcrumb":{"@id":"https:\/\/signalisgroup.com\/latam\/nosotros\/#breadcrumb"},"inLanguage":"es","potentialAction":[{"@type":"ReadAction","target":["https:\/\/signalisgroup.com\/latam\/nosotros\/"]}]},{"@type":"BreadcrumbList","@id":"https:\/\/signalisgroup.com\/latam\/nosotros\/#breadcrumb","itemListElement":[{"@type":"ListItem","position":1,"name":"Portada","item":"https:\/\/signalisgroup.com\/latam\/"},{"@type":"ListItem","position":2,"name":"Nosotros"}]},{"@type":"WebSite","@id":"https:\/\/signalisgroup.com\/latam\/#website","url":"https:\/\/signalisgroup.com\/latam\/","name":"Signalis Group Latam","description":"Inbound Marketing Agency","potentialAction":[{"@type":"SearchAction","target":{"@type":"EntryPoint","urlTemplate":"https:\/\/signalisgroup.com\/latam\/?s={search_term_string}"},"query-input":{"@type":"PropertyValueSpecification","valueRequired":true,"valueName":"search_term_string"}}],"inLanguage":"es"}]}},"_hostinger_reach_plugin_has_subscription_block":false,"_hostinger_reach_plugin_is_elementor":false,"_links":{"self":[{"href":"https:\/\/signalisgroup.com\/latam\/wp-json\/wp\/v2\/pages\/806","targetHints":{"allow":["GET"]}}],"collection":[{"href":"https:\/\/signalisgroup.com\/latam\/wp-json\/wp\/v2\/pages"}],"about":[{"href":"https:\/\/signalisgroup.com\/latam\/wp-json\/wp\/v2\/types\/page"}],"author":[{"embeddable":true,"href":"https:\/\/signalisgroup.com\/latam\/wp-json\/wp\/v2\/users\/3"}],"replies":[{"embeddable":true,"href":"https:\/\/signalisgroup.com\/latam\/wp-json\/wp\/v2\/comments?post=806"}],"version-history":[{"count":57,"href":"https:\/\/signalisgroup.com\/latam\/wp-json\/wp\/v2\/pages\/806\/revisions"}],"predecessor-version":[{"id":13244,"href":"https:\/\/signalisgroup.com\/latam\/wp-json\/wp\/v2\/pages\/806\/revisions\/13244"}],"wp:attachment":[{"href":"https:\/\/signalisgroup.com\/latam\/wp-json\/wp\/v2\/media?parent=806"}],"curies":[{"name":"wp","href":"https:\/\/api.w.org\/{rel}","templated":true}]}}